{"id":5109,"date":"2022-07-14T17:58:03","date_gmt":"2022-07-14T15:58:03","guid":{"rendered":"https:\/\/victorgiers.com\/?page_id=5109"},"modified":"2023-12-12T17:19:41","modified_gmt":"2023-12-12T16:19:41","slug":"cv","status":"publish","type":"page","link":"https:\/\/victorgiers.com\/wp\/content\/en\/cv\/","title":{"rendered":"CV"},"content":{"rendered":"<p><span dir=\"ltr\" role=\"presentation\">2023<br \/>\n&#8211; R&amp;D im Bereich AI f\u00fcr Bild- und Textgenerierung<br \/>\n<\/span><span dir=\"ltr\" role=\"presentation\">&#8211; Realisierung der ersten AI-Art-Serie<br \/>\n&#8211; Freelance Software-Development in Schw\u00e4bisch Gm\u00fcnd<\/p>\n<p>2022<\/span><br role=\"presentation\" \/><span dir=\"ltr\" role=\"presentation\">&#8211; Stipendium f\u00fcr Werkbeschreibungen und Kataloggestaltung zur Ausstellung<\/span><span dir=\"ltr\" role=\"presentation\"> \u201eWalter Giers. Electronic Art\u201c vom Zentrum f\u00fcr Kunst und Medien Karlsruhe<\/span><br role=\"presentation\" \/><span dir=\"ltr\" role=\"presentation\">&#8211; Ausstellungsorganisierung und Ansprache f<\/span><span class=\"markedContent\"><span dir=\"ltr\" role=\"presentation\">\u00fc<\/span><\/span><span dir=\"ltr\" role=\"presentation\">r \u201cWalter Giers. Electronic Art\u201d im<\/span><span dir=\"ltr\" role=\"presentation\"> Zentrum f\u00fcr Kunst und Medien Karlsruhe<\/span><br role=\"presentation\" \/><span dir=\"ltr\" role=\"presentation\">&#8211; Arbeit als Kunstvermittler f\u00fcr die Ausstellung \u201eWalter Giers. Electronic Art\u201c im <\/span><span dir=\"ltr\" role=\"presentation\">Zentrum f\u00fcr Kunst und Medien Karlsruhe<br \/>\n<\/span>&#8211; Ausstellung &#8220;<a href=\"https:\/\/victorgiers.com\/de\/events\/buntes-rauschen\/\" target=\"_blank\" rel=\"noopener\">Buntes Rauschen<\/a>&#8221; in Schw\u00e4bisch Gm\u00fcnd &#8211; Glitch Art<br \/>\n<br role=\"presentation\" \/><span dir=\"ltr\" role=\"presentation\">2021<\/span><br \/>\nStipendium f\u00fcr Digitalisierung &amp; Archivierung der Aufschriebe von Walter Giers vom <a href=\"https:\/\/zkm.de\/\" target=\"_blank\" rel=\"noopener\">Zentrum f\u00fcr Kunst und Medien<\/a> in Karlsruhe<br role=\"presentation\" \/><span dir=\"ltr\" role=\"presentation\">&#8211; Freelance Web- und App-Entwicklung in Schw\u00e4bisch Gm\u00fcnd<\/span><\/p>\n<p>2020<br \/>\n&#8211; Gr\u00fcndung der Firma &#8220;Victor Giers &#8211; Interaktive Medien&#8221; in Schw\u00e4bisch Gm\u00fcnd<br \/>\n&#8211; Tech-Consultancy, R&amp;D, Webdesign, Appentwicklung, Architekturvisualisierung und Videobearbeitung in Schw\u00e4bisch Gm\u00fcnd<\/p>\n<p>2019<br \/>\n&#8211; Interactive Sound Design bei <a href=\"https:\/\/www.jillscott.org\/\" target=\"_blank\" rel=\"noopener\">Professor Doktor Jill Scott<\/a> &amp; <a href=\"http:\/\/marillehahne.com\/\" target=\"_blank\" rel=\"noopener\">Professor Marille Hahne<\/a> f\u00fcr das Medienkunstprojekt \/ die Performance &#8220;<a href=\"https:\/\/www.hek.ch\/en\/program\/events-en\/event\/eskin-5-basel.html\" target=\"_blank\" rel=\"noopener\">ESKIN5<\/a>&#8221; im <a href=\"https:\/\/www.hek.ch\/\" target=\"_blank\" rel=\"noopener\">Haus der Elektronischen K\u00fcnste<\/a> in Basel<br \/>\n&#8211; Ausstellungsbeteiligung &#8220;<a href=\"https:\/\/www.hbksaar.de\/news\/reader\/absolventen-2019\" target=\"_blank\" rel=\"noopener\">Allez Allez \u2013 HBKsaar-AbsolventInnen-Ausstellung<\/a>&#8221; an der <a href=\"https:\/\/www.hbksaar.de\/startseite\" target=\"_blank\" rel=\"noopener\">HBK Saar<\/a> f\u00fcr den Titel &#8220;Master of Arts&#8221; (1,5) in Saarbr\u00fccken<br \/>\n&#8211; Workshops zu den Themen Animation und Interaktion am <a href=\"https:\/\/kaps-kinder.de\/\" target=\"_blank\" rel=\"noopener\">KAPS<\/a> der St. Canisius Kinder- und Jugendhilfe in Schw\u00e4bisch Gm\u00fcnd<\/p>\n<p>2018<br \/>\n&#8211; Arbeit als hilfswissenschaftlicher Mitarbeiter an der <a href=\"https:\/\/www.hbksaar.de\/startseite\" target=\"_blank\" rel=\"noopener\">HBK Saar<\/a> als Lehrkraft f\u00fcr Kursleitung von &#8220;<a href=\"https:\/\/archiv.hbksaar.de\/php\/aktuell\/vorlesungsverzeichnis\/vorlesungen-beendet\/vorlesung-beendet-details\/?tx_vlvz_pi1%5Bid%5D=5658&amp;tx_vlvz_pi1%5Bpointer%5D=1&amp;tx_vlvz_pi1%5Bview%5D=0&amp;tx_vlvz_pi1%5Borderby%5D=4&amp;cHash=5b7ac87321ab3cf922918ffcb324753b\" target=\"_blank\" rel=\"noopener\">Creative Coding<\/a>&#8221; &#8211; Programmieren f\u00fcr K\u00fcnstler in Saarbr\u00fccken<br \/>\n&#8211; Ausstellungsorganisierung &#8220;<a href=\"https:\/\/stm.baden-wuerttemberg.de\/de\/service\/media\/mediathektopic\/vertretung-des-landes-baden-wuerttemberg-beim-bund\/mid\/walter-giers-electronic-art-in-der-landesvertretung\/\" target=\"_blank\" rel=\"noopener\">Walter Giers &#8211; Im Dialog mit dem Zufall<\/a>&#8221; mit dem <a href=\"https:\/\/zkm.de\/\" target=\"_blank\" rel=\"noopener\">ZKM Karlsruhe<\/a> in der <a href=\"https:\/\/www.baden-wuerttemberg.de\/de\/regierung\/baden-wuerttemberg-im-bund\/landesvertretung-in-berlin\/\" target=\"_blank\" rel=\"noopener\">LVBW<\/a> in Berlin<br \/>\n&#8211; Ausstellungsorganisierung &#8220;<a href=\"http:\/\/edith-wahlandt-galerie.de\/presseinformationen\/Giers_2018_Licht_und_Klang%20Presseinfo4.pdf\" target=\"_blank\" rel=\"noopener\">Walter Giers, Licht und Klang<\/a>&#8221; in der <a href=\"http:\/\/edith-wahlandt-galerie.de\/\" target=\"_blank\" rel=\"noopener\">Edith Wahlandth Galerie<\/a> in Stuttgart<\/p>\n<p>2017<br \/>\n&#8211; Art Direction bei &#8220;<a href=\"https:\/\/kaffsoftware.com\/\" target=\"_blank\" rel=\"noopener\">Keep Away From Fire<\/a>&#8221; f\u00fcr das Spiel &#8220;<a href=\"https:\/\/www.youtube.com\/watch?v=_GyBOKMvp9w\" target=\"_blank\" rel=\"noopener\">Boreal Alyph<\/a>&#8221; (International)<br \/>\n&#8211; &#8220;Cyber&#8221;-Consulting, R&amp;D und 3D-Asset-Creation beim <a href=\"https:\/\/www.korso-op.com\/\" target=\"_blank\" rel=\"noopener\">Korso-Op. Kollektiv<\/a> f\u00fcr das Theaterst\u00fcck &#8220;<a href=\"https:\/\/www.korso-op.com\/projekte\/babylonpogo\/\" target=\"_blank\" rel=\"noopener\">Babylon Pogo<\/a>&#8221; in Saarbr\u00fccken<br \/>\n&#8211; Arbeit als hilfswissenschaftlicher Mitarbeiter an der <a href=\"https:\/\/www.hbksaar.de\/startseite\" target=\"_blank\" rel=\"noopener\">HBK Saar<\/a> f\u00fcr Forschung in den Bereichen &#8220;R\u00e4umliche Projektion&#8221; und &#8220;K\u00fcnstliche Intelligenz&#8221; in Saarbr\u00fccken<br \/>\n&#8211; Performance &#8220;<a href=\"https:\/\/www.hbksaar.de\/projekte\/details\/learning\" target=\"_blank\" rel=\"noopener\">Learning<\/a>&#8221; an der <a href=\"https:\/\/www.hbksaar.de\/startseite\" target=\"_blank\" rel=\"noopener\">HBK Saar<\/a> f\u00fcr den Titel &#8220;Bachelor of Arts&#8221; (1,0) in Saarbr\u00fccken<br \/>\n&#8211; Ausstellungsbeteiligung &#8220;<a href=\"https:\/\/www.schachtundheim.de\/intro\" target=\"_blank\" rel=\"noopener\">Schacht und Heim &#8211; Eine Zeitschrift f\u00fcr den saarl\u00e4ndischen Bergmann<\/a>&#8221; im <a href=\"https:\/\/www.kulturbesitz.de\/museen\/deutsches-zeitungsmuseum.html\" target=\"_blank\" rel=\"noopener\">Deutschen Zeitungsmuseum<\/a> in Wadgassen<br \/>\n&#8211; Ausstellungsorganisierung und Ansprache f\u00fcr &#8220;<a href=\"https:\/\/www.stimme.de\/suedwesten\/kultur\/ku\/Palais-des-Techno-wuerdigt-Pionier-der-Electronic-Art;art19072,3955263\" target=\"_blank\" rel=\"noopener\">Palais des Techno &#8211; Walter Giers: Play<\/a>&#8221; im <a href=\"https:\/\/www.stadtpalais-stuttgart.de\/\" target=\"_blank\" rel=\"noopener\">Stadtpalais-Museum<\/a> in Stuttgart<\/p>\n<p>2016<br \/>\n&#8211; Erbe des Betriebs &#8220;<a href=\"http:\/\/www.electronic-art.de\" target=\"_blank\" rel=\"noopener\">Walter Giers &#8211; Electronic Art<\/a>&#8221; zur Verwaltung des Nachlasses gemeinsam mit Mutter in Schw\u00e4bisch Gm\u00fcnd<br \/>\n&#8211; Ausstellung und Ansprache zur Trauerzeremonie von Walter Giers im <a href=\"https:\/\/www.schwaebisch-gmuend.de\/museum-im-prediger.html\" target=\"_blank\" rel=\"noopener\">Museum im Prediger<\/a> in Schw\u00e4bisch Gm\u00fcnd<br \/>\n&#8211; Ausstellung und Ansprache f\u00fcr &#8220;<a href=\"https:\/\/www.facebook.com\/events\/gm%C3%BCnder-kunstverein\/vernissage-konzept-zufall-walter-giers\/152624998508646\/\" target=\"_blank\" rel=\"noopener\">Walter Giers &#8211; Konzept Zufall<\/a>&#8221; im Gm\u00fcnder Kunstverein in Schw\u00e4bisch Gm\u00fcnd<br \/>\n&#8211; Lichtgestaltung am Rokkoko-Schl\u00f6sschen \/ im Stadtgarten anl\u00e4ssig des &#8220;<a href=\"https:\/\/www.schwaebisch-gmuend.de\/pressedetails\/pressemeldung25445.html\" target=\"_blank\" rel=\"noopener\">Lichterfestes<\/a>&#8221; in Schw\u00e4bisch Gm\u00fcnd<\/p>\n<p>2015<br \/>\n&#8211; Ausstellungsbeteiligung &#8220;Kunstb\u00e4r&#8221; im <a href=\"https:\/\/www.usus.saarland\/garelly-haus\/\" target=\"_blank\" rel=\"noopener\">Garelly-Haus<\/a> in Saarbr\u00fccken<br \/>\n&#8211; Ausstellungsbeteiligung zum &#8220;<a href=\"https:\/\/hagerstiftung.de\/index.php\/de\/projekte\/kunst-kultur\/peter-und-luise-hager-preis\" target=\"_blank\" rel=\"noopener\">Peter und Luise Hager-Preis<\/a>&#8221; an der HBK Saar in Saarbr\u00fccken<br \/>\n&#8211; Ausstellungsbeteiligung an der Studierendenausstellung der <a href=\"https:\/\/www.kh-berlin.de\/\" target=\"_blank\" rel=\"noopener\">Kunsthochschule Berlin-Weissensee<\/a> gemeinsam mit <a href=\"http:\/\/felixtheinert.de\/\" target=\"_blank\" rel=\"noopener\">Felix Theinert<\/a> in Berlin<br \/>\n&#8211; Gastsemester an der <a href=\"https:\/\/www.hfg-gmuend.de\/\" target=\"_blank\" rel=\"noopener\">Hochschule f\u00fcr Gestaltung<\/a> im Studiengang <a href=\"https:\/\/www.hfg-gmuend.de\/studium\/interaktionsgestaltung\" target=\"_blank\" rel=\"noopener\">Interaktionsgestaltung<\/a> in Schw\u00e4bisch Gm\u00fcnd<\/p>\n<p>2014<br \/>\n&#8211; Ausstellungsbeteiligung und Performance &#8220;<a href=\"https:\/\/kunstblick.wordpress.com\/\" target=\"_blank\" rel=\"noopener\">Kunstblick<\/a>&#8221; Saarbr\u00fccken<br \/>\n&#8211; Performance im \u00f6ffentlichen Raum zur <a href=\"https:\/\/de.wikipedia.org\/wiki\/Landesgartenschau_Schw%C3%A4bisch_Gm%C3%BCnd_2014\" target=\"_blank\" rel=\"noopener\">Landesgartenschau Schw\u00e4bisch Gm\u00fcnd<\/a> in Schw\u00e4bisch Gm\u00fcnd<\/p>\n<p>2013<br \/>\n&#8211; Performance auf der Gm\u00fcnder ART \u2013 Kunst im \u00f6ffentlichen Raum in Schw\u00e4bisch Gm\u00fcnd<\/p>\n<p>2012 &#8211; 2019<br \/>\n&#8211; Studium <a href=\"https:\/\/www.hbksaar.de\/studiengaenge\/freie-kunst\" target=\"_blank\" rel=\"noopener\">Freie Kunst<\/a> (1 Semester) sowie <a href=\"https:\/\/www.hbksaar.de\/studiengaenge\/media-art-design\" target=\"_blank\" rel=\"noopener\">Media Art &amp; Design<\/a> (12 Semester, grad. Master of Arts) an der <a href=\"https:\/\/www.hbksaar.de\/startseite\" target=\"_blank\" rel=\"noopener\">Hochschule der Bildenden K\u00fcnste Saar<\/a><br \/>\nbei <a href=\"https:\/\/www.hbksaar.de\/personen\/details\/detzler\" target=\"_blank\" rel=\"noopener\">Professor Burkhard Detzler<\/a> (10 Semester), <a href=\"https:\/\/www.hbksaar.de\/personen\/details\/oldoerp\" target=\"_blank\" rel=\"noopener\">Professor Andreas Old\u00f6rp<\/a> (1 Semester), <a href=\"https:\/\/www.hbksaar.de\/personen\/details\/hausig\" target=\"_blank\" rel=\"noopener\">Professor Daniel Hausig<\/a> (1 Semester), <a href=\"https:\/\/www.hbksaar.de\/personen\/details\/winzen\" target=\"_blank\" rel=\"noopener\">Professor Doktor Matthias Winzen<\/a><\/p>\n<p>2012<br \/>\n&#8211; Praktikum Soziale Arbeit bei <a href=\"https:\/\/web.archive.org\/web\/20190422002305\/https:\/\/www.schwaebisch-gmuend.de\/aktion-familie.html\" target=\"_blank\" rel=\"noopener\">Aktion Familie<\/a> in Schw\u00e4bisch Gm\u00fcnd<br \/>\n&#8211; Praktikum bei <a href=\"http:\/\/www.eckhart-dietz.de\/\" target=\"_blank\" rel=\"noopener\">Eckhart Diez<\/a> (Metallguss) in Schw\u00e4bisch Gm\u00fcnd<br \/>\n&#8211; Studium <a href=\"https:\/\/www.fernuni-hagen.de\/ksw\/\" target=\"_blank\" rel=\"noopener\">Kultur- und Sozialwissenschaften<\/a> an der <a href=\"https:\/\/www.fernuni-hagen.de\/\" target=\"_blank\" rel=\"noopener\">Fernuniversit\u00e4t Hagen<\/a> (1 Semester)<\/p>\n<p>2011<br \/>\n&#8211; Ausstellungsbeteiligung und Performance auf der <a href=\"https:\/\/www.schwaebisch-gmuend.de\/pressedetails\/pressemeldung20363.html\" target=\"_blank\" rel=\"noopener\">Gm\u00fcnder ART<\/a> \u2013 Kunst im \u00f6ffentlichen Raum in Schw\u00e4bisch Gm\u00fcnd<br \/>\n&#8211; Realisierung der Open-Air-Events &#8220;Tanzen auf Baustellen &#8211; Das Loch&#8221; in Schw\u00e4bisch Gm\u00fcnd<br \/>\n&#8211; Stipendium f\u00fcr Malereischulung vom Atelier <a href=\"https:\/\/www.artefact-bonn.de\/\" target=\"_blank\" rel=\"noopener\">arte.fact<\/a> in Bonn<br \/>\n&#8211; Praktikum bei <a href=\"https:\/\/bellatheater.de\/annabella-akcal\/\" target=\"_blank\" rel=\"noopener\">Annabella Akcal<\/a> (Theater) in Schw\u00e4bisch Gm\u00fcnd und bei <a href=\"https:\/\/www.alfred-bast.de\/\" target=\"_blank\" rel=\"noopener\">Alfred Bast<\/a> (Zeichnung und Malerei) in Berlin<br \/>\n&#8211; Abitur am Hans-Baldung Gymnasium in Schw\u00e4bisch Gm\u00fcnd<\/p>\n<p>2010<br \/>\n&#8211; Job im &#8220;Musst-Du-Seum&#8221; von Walter Giers &#8211; Electronic Art in Schw\u00e4bisch Gm\u00fcnd<\/p>\n<p>1990<br \/>\n&#8211; Geboren in Schw\u00e4bisch Gm\u00fcnd<br \/>\nMutter: <a href=\"http:\/\/www.pegiers.de\" target=\"_blank\" rel=\"noopener\">Petra Giers<\/a> *1962, Goldschmiedemeisterin<br \/>\nVater: <a href=\"http:\/\/www.waltergiers.de\" target=\"_blank\" rel=\"noopener\">Walter Giers<\/a> *1937 \u20202016, Medienk\u00fcnstler<\/p>\n","protected":false},"excerpt":{"rendered":"<p>2023 &#8211; R&amp;D im Bereich AI f\u00fcr Bild- und Textgenerierung &#8211; Realisierung der ersten AI-Art-Serie &#8211; Freelance Software-Development in Schw\u00e4bisch Gm\u00fcnd 2022&#8211; Stipendium f\u00fcr Werkbeschreibungen und Kataloggestaltung zur Ausstellung \u201eWalter Giers. Electronic Art\u201c vom Zentrum f\u00fcr Kunst und Medien Karlsruhe&#8211; Ausstellungsorganisierung und Ansprache f\u00fcr \u201cWalter Giers. Electronic Art\u201d im Zentrum f\u00fcr Kunst und Medien Karlsruhe&#8211; Arbeit als Kunstvermittler f\u00fcr die Ausstellung \u201eWalter Giers. Electronic Art\u201c im Zentrum f\u00fcr Kunst und [&hellip;]<\/p>\n","protected":false},"author":1,"featured_media":0,"parent":0,"menu_order":0,"comment_status":"closed","ping_status":"closed","template":"template-fullwidth.php","meta":{"footnotes":""},"class_list":["post-5109","page","type-page","status-publish","hentry"],"_links":{"self":[{"href":"https:\/\/victorgiers.com\/wp\/content\/wp-json\/wp\/v2\/pages\/5109"}],"collection":[{"href":"https:\/\/victorgiers.com\/wp\/content\/wp-json\/wp\/v2\/pages"}],"about":[{"href":"https:\/\/victorgiers.com\/wp\/content\/wp-json\/wp\/v2\/types\/page"}],"author":[{"embeddable":true,"href":"https:\/\/victorgiers.com\/wp\/content\/wp-json\/wp\/v2\/users\/1"}],"replies":[{"embeddable":true,"href":"https:\/\/victorgiers.com\/wp\/content\/wp-json\/wp\/v2\/comments?post=5109"}],"version-history":[{"count":3,"href":"https:\/\/victorgiers.com\/wp\/content\/wp-json\/wp\/v2\/pages\/5109\/revisions"}],"predecessor-version":[{"id":5491,"href":"https:\/\/victorgiers.com\/wp\/content\/wp-json\/wp\/v2\/pages\/5109\/revisions\/5491"}],"wp:attachment":[{"href":"https:\/\/victorgiers.com\/wp\/content\/wp-json\/wp\/v2\/media?parent=5109"}],"curies":[{"name":"wp","href":"https:\/\/api.w.org\/{rel}","templated":true}]}}